{"id":365,"date":"2023-07-19T06:59:55","date_gmt":"2023-07-19T06:59:55","guid":{"rendered":"https:\/\/mendozaymiranda.com\/?page_id=365"},"modified":"2023-08-24T02:54:36","modified_gmt":"2023-08-24T02:54:36","slug":"propiedad-intelectual-e-industrial","status":"publish","type":"page","link":"https:\/\/mendozaymiranda.com\/en\/propiedad-intelectual-e-industrial\/","title":{"rendered":"Intellectual and Industrial Property"},"content":{"rendered":"<p>[et_pb_section fb_built=\u00bb1&#8243; admin_label=\u00bbPage Title Section\u00bb _builder_version=\u00bb4.21.0&#8243; use_background_color_gradient=\u00bbon\u00bb background_color_gradient_stops=\u00bb#313e47 0%|rgba(49,62,71,0.5) 100%\u00bb background_color_gradient_overlays_image=\u00bbon\u00bb background_color_gradient_start=\u00bb#313e47&#8243; background_color_gradient_end=\u00bbrgba(49,62,71,0.5)\u00bb background_image=\u00bbhttps:\/\/mendozaymiranda.com\/wp-content\/uploads\/2023\/06\/7.jpg\u00bb custom_padding=\u00bb120px||120px|\u00bb global_colors_info=\u00bb{}\u00bb][et_pb_row admin_label=\u00bbPage Title Area\u00bb _builder_version=\u00bb4.16&#8243; background_size=\u00bbinitial\u00bb background_position=\u00bbtop_left\u00bb background_repeat=\u00bbrepeat\u00bb global_colors_info=\u00bb{}\u00bb][et_pb_column type=\u00bb4_4&#8243; _builder_version=\u00bb4.16&#8243; custom_padding=\u00bb|||\u00bb global_colors_info=\u00bb{}\u00bb custom_padding__hover=\u00bb|||\u00bb][et_pb_text admin_label=\u00bbPage Title\u00bb _builder_version=\u00bb4.21.0&#8243; text_font=\u00bbBEBAS NEUE|300|||||||\u00bb text_font_size=\u00bb56px\u00bb text_line_height=\u00bb2em\u00bb header_font=\u00bbPrata||||||||\u00bb header_font_size=\u00bb60px\u00bb header_line_height=\u00bb1.6em\u00bb header_2_font=\u00bb||||||||\u00bb text_orientation=\u00bbcenter\u00bb background_layout=\u00bbdark\u00bb max_width=\u00bb700px\u00bb module_alignment=\u00bbcenter\u00bb custom_margin=\u00bb||-266px||false|false\u00bb custom_margin_tablet=\u00bb||-266px||false|false\u00bb custom_margin_phone=\u00bb||-166px||false|false\u00bb custom_margin_last_edited=\u00bbon|phone\u00bb custom_padding=\u00bb||0px||false|false\u00bb custom_padding_tablet=\u00bb||0px||false|false\u00bb custom_padding_phone=\u00bb||28px||false|false\u00bb custom_padding_last_edited=\u00bbon|phone\u00bb animation_style=\u00bbfade\u00bb text_font_size_tablet=\u00bb56px\u00bb text_font_size_phone=\u00bb27px\u00bb text_font_size_last_edited=\u00bbon|desktop\u00bb header_font_size_tablet=\u00bb40px\u00bb header_font_size_phone=\u00bb\u00bb header_font_size_last_edited=\u00bbon|tablet\u00bb global_colors_info=\u00bb{}\u00bb]<\/p>\n<p>Propiedad intelectual e industrial<\/p>\n<p>&nbsp;<\/p>\n<p>&nbsp;<\/p>\n<p>[\/et_pb_text][et_pb_text _builder_version=\u00bb4.21.0&#8243; _module_preset=\u00bbdefault\u00bb text_text_color=\u00bb#FFFFFF\u00bb text_font_size=\u00bb17px\u00bb text_orientation=\u00bbcenter\u00bb hover_enabled=\u00bb0&#8243; global_colors_info=\u00bb{}\u00bb sticky_enabled=\u00bb0&#8243;]<\/p>\n<p style=\"text-align: justify;\"><span>Mendoza &amp; Miranda brinda servicios legales especializados en Propiedad Intelectual e Industrial, raz\u00f3n por la cual tenemos profesionales reconocidos con amplia experiencia en el \u00e1mbito p\u00fablico y privado.<\/span><\/p>\n<p>[\/et_pb_text][\/et_pb_column][\/et_pb_row][\/et_pb_section][et_pb_section fb_built=\u00bb1&#8243; admin_label=\u00bbWelcome Section\u00bb _builder_version=\u00bb4.21.0&#8243; background_color=\u00bb#e0dad2&#8243; custom_padding=\u00bb0px||0px|||\u00bb global_colors_info=\u00bb{}\u00bb][et_pb_row admin_label=\u00bbWelcome Area\u00bb _builder_version=\u00bb4.21.0&#8243; custom_padding=\u00bb0px|||||\u00bb global_colors_info=\u00bb{}\u00bb][et_pb_column type=\u00bb4_4&#8243; _builder_version=\u00bb4.16&#8243; custom_padding=\u00bb80px||80px|\u00bb global_colors_info=\u00bb{}\u00bb custom_padding__hover=\u00bb|||\u00bb][et_pb_text _builder_version=\u00bb4.21.0&#8243; _module_preset=\u00bbdefault\u00bb text_font=\u00bbHelvetica||||||||\u00bb text_font_size=\u00bb18px\u00bb animation_style=\u00bbfold\u00bb animation_direction=\u00bbleft\u00bb global_colors_info=\u00bb{}\u00bb]<\/p>\n<p style=\"text-align: justify;\"><span>El objetivo no s\u00f3lo es encontrar soluciones sino que las mismas sean implementadas buscando generar valor en los activos intangibles de las sociedades comerciales.<\/span><\/p>\n<p style=\"text-align: justify;\"><span>Las \u00e1reas de pr\u00e1ctica involucran entre otros las siguientes actividades:<\/span><\/p>\n<ul>\n<li style=\"text-align: justify;\"><span> Registro de Marcas, Patentes, Derecho de Autor.<\/span><\/li>\n<li style=\"text-align: justify;\"><span> Estrategias de presentaci\u00f3n de registros conforme la clasificaci\u00f3n Niza.<\/span><\/li>\n<li style=\"text-align: justify;\"><span> Procesos de oposici\u00f3n al registro de signos distintivos.<\/span><\/li>\n<li style=\"text-align: justify;\"><span> Procesos de acciones de infracci\u00f3n de marcas.<\/span><\/li>\n<li style=\"text-align: justify;\"><span> Procesos de oposici\u00f3n andina de marcas.<\/span><\/li>\n<li style=\"text-align: justify;\"><span> Procesos de cancelaci\u00f3n de marcas.<\/span><\/li>\n<li style=\"text-align: justify;\"><span> Registro de software, plataformas web, aplicaciones m\u00f3viles y videojuegos.<\/span><\/li>\n<li style=\"text-align: justify;\"><span> Coordinaci\u00f3n para registro de derechos de propiedad intelectual e industrial con otras jurisdicciones.<\/span><\/li>\n<li style=\"text-align: justify;\"><span> Procesos administrativos de impugnaci\u00f3n.<\/span><\/li>\n<li style=\"text-align: justify;\"><span> Estrategia, acuerdos y negociaciones para coexistencia marcaria.<\/span><\/li>\n<li style=\"text-align: justify;\"><span> Asesoramiento en transferencias de tecnolog\u00eda, Cesiones Patrimoniales, Franquicias, Licencias de Uso de Derechos de Propiedad Intelectual.<\/span><\/li>\n<li style=\"text-align: justify;\"><span> Litigios, defensa de derechos, acciones antipirater\u00eda.<\/span><\/li>\n<li style=\"text-align: justify;\"><span> A trav\u00e9s de la red de corresponsales nacionales e internacionales se realiza la respectiva vigilancia marcaria permanente a fin de detectar solicitudes que puedan afectar al titular del registro y desde luego al giro del negocio.<\/span><\/li>\n<\/ul>\n<p>[\/et_pb_text][\/et_pb_column][\/et_pb_row][\/et_pb_section]<\/p>\n","protected":false},"excerpt":{"rendered":"<p>Propiedad intelectual e industrial &nbsp; &nbsp;Mendoza &amp; Miranda brinda servicios legales especializados en Propiedad Intelectual e Industrial, raz\u00f3n por la cual tenemos profesionales reconocidos con amplia experiencia en el \u00e1mbito p\u00fablico y privado.El objetivo no s\u00f3lo es encontrar soluciones sino que las mismas sean implementadas buscando generar valor en los activos intangibles de las sociedades [&hellip;]<\/p>\n","protected":false},"author":1,"featured_media":0,"parent":0,"menu_order":0,"comment_status":"closed","ping_status":"closed","template":"","meta":{"_et_pb_use_builder":"on","_et_pb_old_content":"<!-- wp:divi\/placeholder \/-->","_et_gb_content_width":"","footnotes":""},"class_list":["post-365","page","type-page","status-publish","hentry"],"_links":{"self":[{"href":"https:\/\/mendozaymiranda.com\/en\/wp-json\/wp\/v2\/pages\/365","targetHints":{"allow":["GET"]}}],"collection":[{"href":"https:\/\/mendozaymiranda.com\/en\/wp-json\/wp\/v2\/pages"}],"about":[{"href":"https:\/\/mendozaymiranda.com\/en\/wp-json\/wp\/v2\/types\/page"}],"author":[{"embeddable":true,"href":"https:\/\/mendozaymiranda.com\/en\/wp-json\/wp\/v2\/users\/1"}],"replies":[{"embeddable":true,"href":"https:\/\/mendozaymiranda.com\/en\/wp-json\/wp\/v2\/comments?post=365"}],"version-history":[{"count":9,"href":"https:\/\/mendozaymiranda.com\/en\/wp-json\/wp\/v2\/pages\/365\/revisions"}],"predecessor-version":[{"id":656,"href":"https:\/\/mendozaymiranda.com\/en\/wp-json\/wp\/v2\/pages\/365\/revisions\/656"}],"wp:attachment":[{"href":"https:\/\/mendozaymiranda.com\/en\/wp-json\/wp\/v2\/media?parent=365"}],"curies":[{"name":"wp","href":"https:\/\/api.w.org\/{rel}","templated":true}]}}